{"id":1244,"date":"2026-09-05T15:46:51","date_gmt":"2026-09-05T15:46:51","guid":{"rendered":"https:\/\/eafc-thuin.be\/?page_id=1244"},"modified":"2026-09-05T15:55:15","modified_gmt":"2026-09-05T15:55:15","slug":"inscriptions","status":"publish","type":"page","link":"https:\/\/eafc-thuin.be\/index.php\/inscriptions\/","title":{"rendered":"Inscriptions"},"content":{"rendered":"\t\t<div data-elementor-type=\"wp-page\" data-elementor-id=\"1244\" class=\"elementor elementor-1244\">\n\t\t\t\t<div class=\"elementor-element elementor-element-8c46187 e-flex e-con-boxed e-con e-parent\" data-id=\"8c46187\" data-element_type=\"container\" data-e-type=\"container\">\n\t\t\t\t\t<div class=\"e-con-inner\">\n\t\t\t\t<div class=\"elementor-element elementor-element-86780e5 elementor-widget elementor-widget-text-editor\" data-id=\"86780e5\" data-element_type=\"widget\" data-e-type=\"widget\" data-widget_type=\"text-editor.default\">\n\t\t\t\t\t\t\t\t\t<p>Retrouvez ici toutes les informations pratiques pour vous inscrire \u00e0 une formation \u00e0 l&rsquo;EAFC Thuin-Erquelinnes : conditions d&rsquo;admission, co\u00fbt des formations, droits d&rsquo;inscription et documents \u00e0 apporter.<\/p>\t\t\t\t\t\t\t\t<\/div>\n\t\t\t\t<div class=\"elementor-element elementor-element-8796ab0 elementor-widget elementor-widget-accordion\" data-id=\"8796ab0\" data-element_type=\"widget\" data-e-type=\"widget\" data-widget_type=\"accordion.default\">\n\t\t\t\t\t\t\t<div class=\"elementor-accordion\">\n\t\t\t\t\t\t\t<div class=\"elementor-accordion-item\">\n\t\t\t\t\t<div id=\"elementor-tab-title-1421\" class=\"elementor-tab-title\" data-tab=\"1\" role=\"button\" aria-controls=\"elementor-tab-content-1421\" aria-expanded=\"false\">\n\t\t\t\t\t\t\t\t\t\t\t\t\t<span class=\"elementor-accordion-icon elementor-accordion-icon-left\" aria-hidden=\"true\">\n\t\t\t\t\t\t\t\t\t\t\t\t\t\t\t<span class=\"elementor-accordion-icon-closed\"><svg class=\"e-font-icon-svg e-fas-plus\" viewBox=\"0 0 448 512\" xmlns=\"http:\/\/www.w3.org\/2000\/svg\"><path d=\"M416 208H272V64c0-17.67-14.33-32-32-32h-32c-17.67 0-32 14.33-32 32v144H32c-17.67 0-32 14.33-32 32v32c0 17.67 14.33 32 32 32h144v144c0 17.67 14.33 32 32 32h32c17.67 0 32-14.33 32-32V304h144c17.67 0 32-14.33 32-32v-32c0-17.67-14.33-32-32-32z\"><\/path><\/svg><\/span>\n\t\t\t\t\t\t\t\t<span class=\"elementor-accordion-icon-opened\"><svg class=\"e-font-icon-svg e-fas-minus\" viewBox=\"0 0 448 512\" xmlns=\"http:\/\/www.w3.org\/2000\/svg\"><path d=\"M416 208H32c-17.67 0-32 14.33-32 32v32c0 17.67 14.33 32 32 32h384c17.67 0 32-14.33 32-32v-32c0-17.67-14.33-32-32-32z\"><\/path><\/svg><\/span>\n\t\t\t\t\t\t\t\t\t\t\t\t\t\t<\/span>\n\t\t\t\t\t\t\t\t\t\t\t\t<a class=\"elementor-accordion-title\" tabindex=\"0\">Comment s'inscrire ?<\/a>\n\t\t\t\t\t<\/div>\n\t\t\t\t\t<div id=\"elementor-tab-content-1421\" class=\"elementor-tab-content elementor-clearfix\" data-tab=\"1\" role=\"region\" aria-labelledby=\"elementor-tab-title-1421\"><p>Les inscriptions se font <strong>uniquement sur rendez-vous<\/strong>, comme indiqu\u00e9 dans l&rsquo;onglet <a href=\"https:\/\/eafc-thuin.be\/index.php\/contact-2\/\">Contact<\/a>. Pr\u00e9sentez-vous au secr\u00e9tariat muni des documents requis (voir la rubrique \u00ab Documents \u00e0 apporter \u00bb ci-dessous).<\/p><p>Retrouvez nos coordonn\u00e9es et horaires d&rsquo;ouverture dans l&rsquo;onglet <a href=\"https:\/\/eafc-thuin.be\/index.php\/contact-2\/\">Contact<\/a>.<\/p><\/div>\n\t\t\t\t<\/div>\n\t\t\t\t\t\t\t<div class=\"elementor-accordion-item\">\n\t\t\t\t\t<div id=\"elementor-tab-title-1422\" class=\"elementor-tab-title\" data-tab=\"2\" role=\"button\" aria-controls=\"elementor-tab-content-1422\" aria-expanded=\"false\">\n\t\t\t\t\t\t\t\t\t\t\t\t\t<span class=\"elementor-accordion-icon elementor-accordion-icon-left\" aria-hidden=\"true\">\n\t\t\t\t\t\t\t\t\t\t\t\t\t\t\t<span class=\"elementor-accordion-icon-closed\"><svg class=\"e-font-icon-svg e-fas-plus\" viewBox=\"0 0 448 512\" xmlns=\"http:\/\/www.w3.org\/2000\/svg\"><path d=\"M416 208H272V64c0-17.67-14.33-32-32-32h-32c-17.67 0-32 14.33-32 32v144H32c-17.67 0-32 14.33-32 32v32c0 17.67 14.33 32 32 32h144v144c0 17.67 14.33 32 32 32h32c17.67 0 32-14.33 32-32V304h144c17.67 0 32-14.33 32-32v-32c0-17.67-14.33-32-32-32z\"><\/path><\/svg><\/span>\n\t\t\t\t\t\t\t\t<span class=\"elementor-accordion-icon-opened\"><svg class=\"e-font-icon-svg e-fas-minus\" viewBox=\"0 0 448 512\" xmlns=\"http:\/\/www.w3.org\/2000\/svg\"><path d=\"M416 208H32c-17.67 0-32 14.33-32 32v32c0 17.67 14.33 32 32 32h384c17.67 0 32-14.33 32-32v-32c0-17.67-14.33-32-32-32z\"><\/path><\/svg><\/span>\n\t\t\t\t\t\t\t\t\t\t\t\t\t\t<\/span>\n\t\t\t\t\t\t\t\t\t\t\t\t<a class=\"elementor-accordion-title\" tabindex=\"0\">Conditions d'admission<\/a>\n\t\t\t\t\t<\/div>\n\t\t\t\t\t<div id=\"elementor-tab-content-1422\" class=\"elementor-tab-content elementor-clearfix\" data-tab=\"2\" role=\"region\" aria-labelledby=\"elementor-tab-title-1422\"><p>Pour s&rsquo;inscrire \u00e0 une formation, il faut :<\/p><ul><li>Avoir <strong>15 ans accomplis<\/strong> (cette condition ne s&rsquo;applique qu&rsquo;aux cours du soir, l&rsquo;enseignement pour adultes ne r\u00e9pondant pas \u00e0 l&rsquo;obligation scolaire) ;<\/li><li>\u00catre en possession d&rsquo;un <strong>document d&rsquo;identit\u00e9<\/strong>, quelle que soit la nationalit\u00e9 (la nationalit\u00e9 n&rsquo;a d&rsquo;incidence que sur le montant \u00e0 payer, selon le statut) ;<\/li><li>Justifier des <strong>pr\u00e9-requis<\/strong> de la formation choisie, soit par un dipl\u00f4me (CEB, CESS ou CE1D selon la formation), soit par la r\u00e9ussite d&rsquo;un <strong>test d&rsquo;admission<\/strong> en l&rsquo;absence de dipl\u00f4me.<\/li><\/ul><p>Les pr\u00e9-requis pr\u00e9cis (dipl\u00f4me demand\u00e9 ou test d&rsquo;admission) varient selon la formation : retrouvez le d\u00e9tail sur la page de chaque formation.<\/p><\/div>\n\t\t\t\t<\/div>\n\t\t\t\t\t\t\t<div class=\"elementor-accordion-item\">\n\t\t\t\t\t<div id=\"elementor-tab-title-1423\" class=\"elementor-tab-title\" data-tab=\"3\" role=\"button\" aria-controls=\"elementor-tab-content-1423\" aria-expanded=\"false\">\n\t\t\t\t\t\t\t\t\t\t\t\t\t<span class=\"elementor-accordion-icon elementor-accordion-icon-left\" aria-hidden=\"true\">\n\t\t\t\t\t\t\t\t\t\t\t\t\t\t\t<span class=\"elementor-accordion-icon-closed\"><svg class=\"e-font-icon-svg e-fas-plus\" viewBox=\"0 0 448 512\" xmlns=\"http:\/\/www.w3.org\/2000\/svg\"><path d=\"M416 208H272V64c0-17.67-14.33-32-32-32h-32c-17.67 0-32 14.33-32 32v144H32c-17.67 0-32 14.33-32 32v32c0 17.67 14.33 32 32 32h144v144c0 17.67 14.33 32 32 32h32c17.67 0 32-14.33 32-32V304h144c17.67 0 32-14.33 32-32v-32c0-17.67-14.33-32-32-32z\"><\/path><\/svg><\/span>\n\t\t\t\t\t\t\t\t<span class=\"elementor-accordion-icon-opened\"><svg class=\"e-font-icon-svg e-fas-minus\" viewBox=\"0 0 448 512\" xmlns=\"http:\/\/www.w3.org\/2000\/svg\"><path d=\"M416 208H32c-17.67 0-32 14.33-32 32v32c0 17.67 14.33 32 32 32h384c17.67 0 32-14.33 32-32v-32c0-17.67-14.33-32-32-32z\"><\/path><\/svg><\/span>\n\t\t\t\t\t\t\t\t\t\t\t\t\t\t<\/span>\n\t\t\t\t\t\t\t\t\t\t\t\t<a class=\"elementor-accordion-title\" tabindex=\"0\">Co\u00fbt des formations et droits d'inscription<\/a>\n\t\t\t\t\t<\/div>\n\t\t\t\t\t<div id=\"elementor-tab-content-1423\" class=\"elementor-tab-content elementor-clearfix\" data-tab=\"3\" role=\"region\" aria-labelledby=\"elementor-tab-title-1423\"><p>Le montant des droits d&rsquo;inscription varie selon la formation suivie et selon le statut de l&rsquo;\u00e9tudiant\u00b7e.<\/p><p><em>Montants par formation : \u00e0 compl\u00e9ter prochainement.<\/em><\/p><p><strong>Exon\u00e9ration des droits d&rsquo;inscription<\/strong><\/p><p>Certaines personnes sont dispens\u00e9es du paiement des droits d&rsquo;inscription :<\/p><ul><li>mineurs (moins de 18 ans) ;<\/li><li>ch\u00f4meurs complets indemnis\u00e9s ;<\/li><li>demandeurs d&#8217;emploi inoccup\u00e9s inscrits obligatoirement ;<\/li><li>personnes en situation de handicap, sur pr\u00e9sentation d&rsquo;un justificatif d\u00e9livr\u00e9 par une administration publique comp\u00e9tente ;<\/li><li>b\u00e9n\u00e9ficiaires du revenu d&rsquo;int\u00e9gration sociale (RIS) ou d&rsquo;une aide financi\u00e8re \u00e9quivalente ;<\/li><li>personnes soumises \u00e0 une obligation impos\u00e9e par une autorit\u00e9 publique.<\/li><\/ul><p>Le justificatif correspondant \u00e0 votre situation est \u00e0 apporter lors de l&rsquo;inscription.<\/p><\/div>\n\t\t\t\t<\/div>\n\t\t\t\t\t\t\t<div class=\"elementor-accordion-item\">\n\t\t\t\t\t<div id=\"elementor-tab-title-1424\" class=\"elementor-tab-title\" data-tab=\"4\" role=\"button\" aria-controls=\"elementor-tab-content-1424\" aria-expanded=\"false\">\n\t\t\t\t\t\t\t\t\t\t\t\t\t<span class=\"elementor-accordion-icon elementor-accordion-icon-left\" aria-hidden=\"true\">\n\t\t\t\t\t\t\t\t\t\t\t\t\t\t\t<span class=\"elementor-accordion-icon-closed\"><svg class=\"e-font-icon-svg e-fas-plus\" viewBox=\"0 0 448 512\" xmlns=\"http:\/\/www.w3.org\/2000\/svg\"><path d=\"M416 208H272V64c0-17.67-14.33-32-32-32h-32c-17.67 0-32 14.33-32 32v144H32c-17.67 0-32 14.33-32 32v32c0 17.67 14.33 32 32 32h144v144c0 17.67 14.33 32 32 32h32c17.67 0 32-14.33 32-32V304h144c17.67 0 32-14.33 32-32v-32c0-17.67-14.33-32-32-32z\"><\/path><\/svg><\/span>\n\t\t\t\t\t\t\t\t<span class=\"elementor-accordion-icon-opened\"><svg class=\"e-font-icon-svg e-fas-minus\" viewBox=\"0 0 448 512\" xmlns=\"http:\/\/www.w3.org\/2000\/svg\"><path d=\"M416 208H32c-17.67 0-32 14.33-32 32v32c0 17.67 14.33 32 32 32h384c17.67 0 32-14.33 32-32v-32c0-17.67-14.33-32-32-32z\"><\/path><\/svg><\/span>\n\t\t\t\t\t\t\t\t\t\t\t\t\t\t<\/span>\n\t\t\t\t\t\t\t\t\t\t\t\t<a class=\"elementor-accordion-title\" tabindex=\"0\">Documents \u00e0 apporter<\/a>\n\t\t\t\t\t<\/div>\n\t\t\t\t\t<div id=\"elementor-tab-content-1424\" class=\"elementor-tab-content elementor-clearfix\" data-tab=\"4\" role=\"region\" aria-labelledby=\"elementor-tab-title-1424\"><p>Selon votre situation, munissez-vous des documents suivants lors de votre inscription :<\/p><ul><li>Une pi\u00e8ce d&rsquo;identit\u00e9 valide ;<\/li><li>Une copie du dipl\u00f4me requis pour la formation choisie (CEB, CESS ou CE1D selon le cas), ou une attestation de r\u00e9ussite du test d&rsquo;admission ;<\/li><li>Le cas \u00e9ch\u00e9ant, un justificatif ouvrant droit \u00e0 une exon\u00e9ration des droits d&rsquo;inscription (attestation de ch\u00f4mage, attestation du CPAS, attestation de handicap, etc.).<\/li><\/ul><\/div>\n\t\t\t\t<\/div>\n\t\t\t\t\t\t\t\t<\/div>\n\t\t\t\t\t\t<\/div>\n\t\t\t\t\t<\/div>\n\t\t\t\t<\/div>\n\t\t\t\t<\/div>\n\t\t","protected":false},"excerpt":{"rendered":"<p>Retrouvez ici toutes les informations pratiques pour vous inscrire \u00e0 une formation \u00e0 l&rsquo;EAFC Thuin-Erquelinnes : conditions d&rsquo;admission, co\u00fbt des formations, droits d&rsquo;inscription et documents \u00e0 apporter. Comment s&rsquo;inscrire ? Les inscriptions se font uniquement sur rendez-vous, comme indiqu\u00e9 dans l&rsquo;onglet Contact. Pr\u00e9sentez-vous au secr\u00e9tariat muni des documents requis (voir [&hellip;]<\/p>\n","protected":false},"author":1,"featured_media":0,"parent":0,"menu_order":0,"comment_status":"closed","ping_status":"closed","template":"","meta":{"_themeisle_gutenberg_block_has_review":false,"footnotes":""},"class_list":["post-1244","page","type-page","status-publish","hentry"],"_links":{"self":[{"href":"https:\/\/eafc-thuin.be\/index.php\/wp-json\/wp\/v2\/pages\/1244","targetHints":{"allow":["GET"]}}],"collection":[{"href":"https:\/\/eafc-thuin.be\/index.php\/wp-json\/wp\/v2\/pages"}],"about":[{"href":"https:\/\/eafc-thuin.be\/index.php\/wp-json\/wp\/v2\/types\/page"}],"author":[{"embeddable":true,"href":"https:\/\/eafc-thuin.be\/index.php\/wp-json\/wp\/v2\/users\/1"}],"replies":[{"embeddable":true,"href":"https:\/\/eafc-thuin.be\/index.php\/wp-json\/wp\/v2\/comments?post=1244"}],"version-history":[{"count":6,"href":"https:\/\/eafc-thuin.be\/index.php\/wp-json\/wp\/v2\/pages\/1244\/revisions"}],"predecessor-version":[{"id":1250,"href":"https:\/\/eafc-thuin.be\/index.php\/wp-json\/wp\/v2\/pages\/1244\/revisions\/1250"}],"wp:attachment":[{"href":"https:\/\/eafc-thuin.be\/index.php\/wp-json\/wp\/v2\/media?parent=1244"}],"curies":[{"name":"wp","href":"https:\/\/api.w.org\/{rel}","templated":true}]}}