{"id":1295,"date":"2026-09-05T19:11:23","date_gmt":"2026-09-05T19:11:23","guid":{"rendered":"https:\/\/eafc-thuin.be\/?page_id=1295"},"modified":"2026-09-05T19:21:54","modified_gmt":"2026-09-05T19:21:54","slug":"notre-equipe","status":"publish","type":"page","link":"https:\/\/eafc-thuin.be\/index.php\/infos-pratiques\/notre-equipe\/","title":{"rendered":"Notre \u00e9quipe"},"content":{"rendered":"\t\t<div data-elementor-type=\"wp-page\" data-elementor-id=\"1295\" class=\"elementor elementor-1295\">\n\t\t\t\t<div class=\"elementor-element elementor-element-e82bba4 e-flex e-con-boxed e-con e-parent\" data-id=\"e82bba4\" data-element_type=\"container\" data-e-type=\"container\">\n\t\t\t\t\t<div class=\"e-con-inner\">\n\t\t\t\t<div class=\"elementor-element elementor-element-302b009 elementor-widget elementor-widget-text-editor\" data-id=\"302b009\" data-element_type=\"widget\" data-e-type=\"widget\" data-widget_type=\"text-editor.default\">\n\t\t\t\t\t\t\t\t\t<p style=\"text-align: center;\">D\u00e9couvrez les membres de notre \u00e9quipe, \u00e0 votre \u00e9coute pour vous accompagner tout au long de votre parcours de formation. Pour toute question, n&rsquo;h\u00e9sitez pas \u00e0 nous contacter via l&rsquo;onglet <a href=\"https:\/\/eafc-thuin.be\/index.php\/contact-2\/\">Contact<\/a>.<\/p>\t\t\t\t\t\t\t\t<\/div>\n\t\t<div class=\"elementor-element elementor-element-cf738af e-con-full e-flex e-con e-child\" data-id=\"cf738af\" data-element_type=\"container\" data-e-type=\"container\">\n\t\t<div class=\"elementor-element elementor-element-7da5134 e-con-full e-flex e-con e-child\" data-id=\"7da5134\" data-element_type=\"container\" data-e-type=\"container\">\n\t\t\t\t<div class=\"elementor-element elementor-element-80b4726 elementor-widget elementor-widget-image\" data-id=\"80b4726\" data-element_type=\"widget\" data-e-type=\"widget\" data-widget_type=\"image.default\">\n\t\t\t\t\t\t\t\t\t\t\t\t\t\t\t<img fetchpriority=\"high\" decoding=\"async\" width=\"300\" height=\"300\" src=\"https:\/\/eafc-thuin.be\/wp-content\/uploads\/2026\/09\/avatar-generique-equipe-300x300.png\" class=\"attachment-medium size-medium wp-image-1296\" alt=\"\" srcset=\"https:\/\/eafc-thuin.be\/wp-content\/uploads\/2026\/09\/avatar-generique-equipe-300x300.png 300w, https:\/\/eafc-thuin.be\/wp-content\/uploads\/2026\/09\/avatar-generique-equipe-150x150.png 150w, https:\/\/eafc-thuin.be\/wp-content\/uploads\/2026\/09\/avatar-generique-equipe-116x116.png 116w, https:\/\/eafc-thuin.be\/wp-content\/uploads\/2026\/09\/avatar-generique-equipe.png 400w\" sizes=\"(max-width: 300px) 100vw, 300px\" \/>\t\t\t\t\t\t\t\t\t\t\t\t\t\t\t<\/div>\n\t\t\t\t<div class=\"elementor-element elementor-element-afa41ea elementor-widget elementor-widget-heading\" data-id=\"afa41ea\" data-element_type=\"widget\" data-e-type=\"widget\" data-widget_type=\"heading.default\">\n\t\t\t\t\t<h4 class=\"elementor-heading-title elementor-size-default\">Directrice<\/h4>\t\t\t\t<\/div>\n\t\t\t\t<div class=\"elementor-element elementor-element-76e72ed elementor-widget elementor-widget-text-editor\" data-id=\"76e72ed\" data-element_type=\"widget\" data-e-type=\"widget\" data-widget_type=\"text-editor.default\">\n\t\t\t\t\t\t\t\t\t<p style=\"text-align:center;margin:0;\">Aude Robert<\/p>\t\t\t\t\t\t\t\t<\/div>\n\t\t\t\t<\/div>\n\t\t<div class=\"elementor-element elementor-element-a8b82a4 e-con-full e-flex e-con e-child\" data-id=\"a8b82a4\" data-element_type=\"container\" data-e-type=\"container\">\n\t\t\t\t<div class=\"elementor-element elementor-element-44f66c9 elementor-widget elementor-widget-image\" data-id=\"44f66c9\" data-element_type=\"widget\" data-e-type=\"widget\" data-widget_type=\"image.default\">\n\t\t\t\t\t\t\t\t\t\t\t\t\t\t\t<img fetchpriority=\"high\" decoding=\"async\" width=\"300\" height=\"300\" src=\"https:\/\/eafc-thuin.be\/wp-content\/uploads\/2026\/09\/avatar-generique-equipe-300x300.png\" class=\"attachment-medium size-medium wp-image-1296\" alt=\"\" srcset=\"https:\/\/eafc-thuin.be\/wp-content\/uploads\/2026\/09\/avatar-generique-equipe-300x300.png 300w, https:\/\/eafc-thuin.be\/wp-content\/uploads\/2026\/09\/avatar-generique-equipe-150x150.png 150w, https:\/\/eafc-thuin.be\/wp-content\/uploads\/2026\/09\/avatar-generique-equipe-116x116.png 116w, https:\/\/eafc-thuin.be\/wp-content\/uploads\/2026\/09\/avatar-generique-equipe.png 400w\" sizes=\"(max-width: 300px) 100vw, 300px\" \/>\t\t\t\t\t\t\t\t\t\t\t\t\t\t\t<\/div>\n\t\t\t\t<div class=\"elementor-element elementor-element-3621dd2 elementor-widget elementor-widget-heading\" data-id=\"3621dd2\" data-element_type=\"widget\" data-e-type=\"widget\" data-widget_type=\"heading.default\">\n\t\t\t\t\t<h4 class=\"elementor-heading-title elementor-size-default\">Secr\u00e9tariat<\/h4>\t\t\t\t<\/div>\n\t\t\t\t<div class=\"elementor-element elementor-element-6116b91 elementor-widget elementor-widget-text-editor\" data-id=\"6116b91\" data-element_type=\"widget\" data-e-type=\"widget\" data-widget_type=\"text-editor.default\">\n\t\t\t\t\t\t\t\t\t<p style=\"text-align:center;margin:0;\">Sophie Dupont<\/p>\t\t\t\t\t\t\t\t<\/div>\n\t\t\t\t<\/div>\n\t\t<div class=\"elementor-element elementor-element-8dbcf6c e-con-full e-flex e-con e-child\" data-id=\"8dbcf6c\" data-element_type=\"container\" data-e-type=\"container\">\n\t\t\t\t<div class=\"elementor-element elementor-element-1e9b802 elementor-widget elementor-widget-image\" data-id=\"1e9b802\" data-element_type=\"widget\" data-e-type=\"widget\" data-widget_type=\"image.default\">\n\t\t\t\t\t\t\t\t\t\t\t\t\t\t\t<img fetchpriority=\"high\" decoding=\"async\" width=\"300\" height=\"300\" src=\"https:\/\/eafc-thuin.be\/wp-content\/uploads\/2026\/09\/avatar-generique-equipe-300x300.png\" class=\"attachment-medium size-medium wp-image-1296\" alt=\"\" srcset=\"https:\/\/eafc-thuin.be\/wp-content\/uploads\/2026\/09\/avatar-generique-equipe-300x300.png 300w, https:\/\/eafc-thuin.be\/wp-content\/uploads\/2026\/09\/avatar-generique-equipe-150x150.png 150w, https:\/\/eafc-thuin.be\/wp-content\/uploads\/2026\/09\/avatar-generique-equipe-116x116.png 116w, https:\/\/eafc-thuin.be\/wp-content\/uploads\/2026\/09\/avatar-generique-equipe.png 400w\" sizes=\"(max-width: 300px) 100vw, 300px\" \/>\t\t\t\t\t\t\t\t\t\t\t\t\t\t\t<\/div>\n\t\t\t\t<div class=\"elementor-element elementor-element-997e301 elementor-widget elementor-widget-heading\" data-id=\"997e301\" data-element_type=\"widget\" data-e-type=\"widget\" data-widget_type=\"heading.default\">\n\t\t\t\t\t<h4 class=\"elementor-heading-title elementor-size-default\">Secr\u00e9tariat<\/h4>\t\t\t\t<\/div>\n\t\t\t\t<div class=\"elementor-element elementor-element-81fe1ff elementor-widget elementor-widget-text-editor\" data-id=\"81fe1ff\" data-element_type=\"widget\" data-e-type=\"widget\" data-widget_type=\"text-editor.default\">\n\t\t\t\t\t\t\t\t\t<p style=\"text-align:center;margin:0;\">Fabrizio Minichiello<\/p>\t\t\t\t\t\t\t\t<\/div>\n\t\t\t\t<\/div>\n\t\t<div class=\"elementor-element elementor-element-c2cfc45 e-con-full e-flex e-con e-child\" data-id=\"c2cfc45\" data-element_type=\"container\" data-e-type=\"container\">\n\t\t\t\t<div class=\"elementor-element elementor-element-12870d6 elementor-widget elementor-widget-image\" data-id=\"12870d6\" data-element_type=\"widget\" data-e-type=\"widget\" data-widget_type=\"image.default\">\n\t\t\t\t\t\t\t\t\t\t\t\t\t\t\t<img fetchpriority=\"high\" decoding=\"async\" width=\"300\" height=\"300\" src=\"https:\/\/eafc-thuin.be\/wp-content\/uploads\/2026\/09\/avatar-generique-equipe-300x300.png\" class=\"attachment-medium size-medium wp-image-1296\" alt=\"\" srcset=\"https:\/\/eafc-thuin.be\/wp-content\/uploads\/2026\/09\/avatar-generique-equipe-300x300.png 300w, https:\/\/eafc-thuin.be\/wp-content\/uploads\/2026\/09\/avatar-generique-equipe-150x150.png 150w, https:\/\/eafc-thuin.be\/wp-content\/uploads\/2026\/09\/avatar-generique-equipe-116x116.png 116w, https:\/\/eafc-thuin.be\/wp-content\/uploads\/2026\/09\/avatar-generique-equipe.png 400w\" sizes=\"(max-width: 300px) 100vw, 300px\" \/>\t\t\t\t\t\t\t\t\t\t\t\t\t\t\t<\/div>\n\t\t\t\t<div class=\"elementor-element elementor-element-3987e3f elementor-widget elementor-widget-heading\" data-id=\"3987e3f\" data-element_type=\"widget\" data-e-type=\"widget\" data-widget_type=\"heading.default\">\n\t\t\t\t\t<h4 class=\"elementor-heading-title elementor-size-default\">Comptabilit\u00e9<\/h4>\t\t\t\t<\/div>\n\t\t\t\t<div class=\"elementor-element elementor-element-f74c415 elementor-widget elementor-widget-text-editor\" data-id=\"f74c415\" data-element_type=\"widget\" data-e-type=\"widget\" data-widget_type=\"text-editor.default\">\n\t\t\t\t\t\t\t\t\t<p style=\"text-align:center;margin:0;\">Gianni Nattivi<\/p>\t\t\t\t\t\t\t\t<\/div>\n\t\t\t\t<\/div>\n\t\t<div class=\"elementor-element elementor-element-385536e e-con-full e-flex e-con e-child\" data-id=\"385536e\" data-element_type=\"container\" data-e-type=\"container\">\n\t\t\t\t<div class=\"elementor-element elementor-element-6cba08a elementor-widget elementor-widget-image\" data-id=\"6cba08a\" data-element_type=\"widget\" data-e-type=\"widget\" data-widget_type=\"image.default\">\n\t\t\t\t\t\t\t\t\t\t\t\t\t\t\t<img fetchpriority=\"high\" decoding=\"async\" width=\"300\" height=\"300\" src=\"https:\/\/eafc-thuin.be\/wp-content\/uploads\/2026\/09\/avatar-generique-equipe-300x300.png\" class=\"attachment-medium size-medium wp-image-1296\" alt=\"\" srcset=\"https:\/\/eafc-thuin.be\/wp-content\/uploads\/2026\/09\/avatar-generique-equipe-300x300.png 300w, https:\/\/eafc-thuin.be\/wp-content\/uploads\/2026\/09\/avatar-generique-equipe-150x150.png 150w, https:\/\/eafc-thuin.be\/wp-content\/uploads\/2026\/09\/avatar-generique-equipe-116x116.png 116w, https:\/\/eafc-thuin.be\/wp-content\/uploads\/2026\/09\/avatar-generique-equipe.png 400w\" sizes=\"(max-width: 300px) 100vw, 300px\" \/>\t\t\t\t\t\t\t\t\t\t\t\t\t\t\t<\/div>\n\t\t\t\t<div class=\"elementor-element elementor-element-8a68495 elementor-widget elementor-widget-heading\" data-id=\"8a68495\" data-element_type=\"widget\" data-e-type=\"widget\" data-widget_type=\"heading.default\">\n\t\t\t\t\t<h4 class=\"elementor-heading-title elementor-size-default\">Aide \u00e0 la r\u00e9ussite et Inclusion<\/h4>\t\t\t\t<\/div>\n\t\t\t\t<div class=\"elementor-element elementor-element-41e06b6 elementor-widget elementor-widget-text-editor\" data-id=\"41e06b6\" data-element_type=\"widget\" data-e-type=\"widget\" data-widget_type=\"text-editor.default\">\n\t\t\t\t\t\t\t\t\t<p style=\"text-align:center;margin:0;\">Lucille Cuvelier<\/p>\t\t\t\t\t\t\t\t<\/div>\n\t\t\t\t<\/div>\n\t\t<div class=\"elementor-element elementor-element-c986c22 e-con-full e-flex e-con e-child\" data-id=\"c986c22\" data-element_type=\"container\" data-e-type=\"container\">\n\t\t\t\t<div class=\"elementor-element elementor-element-5e25b7c elementor-widget elementor-widget-image\" data-id=\"5e25b7c\" data-element_type=\"widget\" data-e-type=\"widget\" data-widget_type=\"image.default\">\n\t\t\t\t\t\t\t\t\t\t\t\t\t\t\t<img fetchpriority=\"high\" decoding=\"async\" width=\"300\" height=\"300\" src=\"https:\/\/eafc-thuin.be\/wp-content\/uploads\/2026\/09\/avatar-generique-equipe-300x300.png\" class=\"attachment-medium size-medium wp-image-1296\" alt=\"\" srcset=\"https:\/\/eafc-thuin.be\/wp-content\/uploads\/2026\/09\/avatar-generique-equipe-300x300.png 300w, https:\/\/eafc-thuin.be\/wp-content\/uploads\/2026\/09\/avatar-generique-equipe-150x150.png 150w, https:\/\/eafc-thuin.be\/wp-content\/uploads\/2026\/09\/avatar-generique-equipe-116x116.png 116w, https:\/\/eafc-thuin.be\/wp-content\/uploads\/2026\/09\/avatar-generique-equipe.png 400w\" sizes=\"(max-width: 300px) 100vw, 300px\" \/>\t\t\t\t\t\t\t\t\t\t\t\t\t\t\t<\/div>\n\t\t\t\t<div class=\"elementor-element elementor-element-be2c56a elementor-widget elementor-widget-heading\" data-id=\"be2c56a\" data-element_type=\"widget\" data-e-type=\"widget\" data-widget_type=\"heading.default\">\n\t\t\t\t\t<h4 class=\"elementor-heading-title elementor-size-default\">Aide \u00e0 la r\u00e9ussite<\/h4>\t\t\t\t<\/div>\n\t\t\t\t<div class=\"elementor-element elementor-element-41f3af3 elementor-widget elementor-widget-text-editor\" data-id=\"41f3af3\" data-element_type=\"widget\" data-e-type=\"widget\" data-widget_type=\"text-editor.default\">\n\t\t\t\t\t\t\t\t\t<p style=\"text-align:center;margin:0;\">Karline Baud&rsquo;huin<\/p>\t\t\t\t\t\t\t\t<\/div>\n\t\t\t\t<\/div>\n\t\t<div class=\"elementor-element elementor-element-dbedc02 e-con-full e-flex e-con e-child\" data-id=\"dbedc02\" data-element_type=\"container\" data-e-type=\"container\">\n\t\t\t\t<div class=\"elementor-element elementor-element-33a1b93 elementor-widget elementor-widget-image\" data-id=\"33a1b93\" data-element_type=\"widget\" data-e-type=\"widget\" data-widget_type=\"image.default\">\n\t\t\t\t\t\t\t\t\t\t\t\t\t\t\t<img fetchpriority=\"high\" decoding=\"async\" width=\"300\" height=\"300\" src=\"https:\/\/eafc-thuin.be\/wp-content\/uploads\/2026\/09\/avatar-generique-equipe-300x300.png\" class=\"attachment-medium size-medium wp-image-1296\" alt=\"\" srcset=\"https:\/\/eafc-thuin.be\/wp-content\/uploads\/2026\/09\/avatar-generique-equipe-300x300.png 300w, https:\/\/eafc-thuin.be\/wp-content\/uploads\/2026\/09\/avatar-generique-equipe-150x150.png 150w, https:\/\/eafc-thuin.be\/wp-content\/uploads\/2026\/09\/avatar-generique-equipe-116x116.png 116w, https:\/\/eafc-thuin.be\/wp-content\/uploads\/2026\/09\/avatar-generique-equipe.png 400w\" sizes=\"(max-width: 300px) 100vw, 300px\" \/>\t\t\t\t\t\t\t\t\t\t\t\t\t\t\t<\/div>\n\t\t\t\t<div class=\"elementor-element elementor-element-3030cb6 elementor-widget elementor-widget-heading\" data-id=\"3030cb6\" data-element_type=\"widget\" data-e-type=\"widget\" data-widget_type=\"heading.default\">\n\t\t\t\t\t<h4 class=\"elementor-heading-title elementor-size-default\">Maintenance informatique<\/h4>\t\t\t\t<\/div>\n\t\t\t\t<div class=\"elementor-element elementor-element-692b8ee elementor-widget elementor-widget-text-editor\" data-id=\"692b8ee\" data-element_type=\"widget\" data-e-type=\"widget\" data-widget_type=\"text-editor.default\">\n\t\t\t\t\t\t\t\t\t<p style=\"text-align:center;margin:0;\">Didier Gevaert<\/p>\t\t\t\t\t\t\t\t<\/div>\n\t\t\t\t<\/div>\n\t\t<div class=\"elementor-element elementor-element-0825c65 e-con-full e-flex e-con e-child\" data-id=\"0825c65\" data-element_type=\"container\" data-e-type=\"container\">\n\t\t\t\t<div class=\"elementor-element elementor-element-94c21a1 elementor-widget elementor-widget-image\" data-id=\"94c21a1\" data-element_type=\"widget\" data-e-type=\"widget\" data-widget_type=\"image.default\">\n\t\t\t\t\t\t\t\t\t\t\t\t\t\t\t<img fetchpriority=\"high\" decoding=\"async\" width=\"300\" height=\"300\" src=\"https:\/\/eafc-thuin.be\/wp-content\/uploads\/2026\/09\/avatar-generique-equipe-300x300.png\" class=\"attachment-medium size-medium wp-image-1296\" alt=\"\" srcset=\"https:\/\/eafc-thuin.be\/wp-content\/uploads\/2026\/09\/avatar-generique-equipe-300x300.png 300w, https:\/\/eafc-thuin.be\/wp-content\/uploads\/2026\/09\/avatar-generique-equipe-150x150.png 150w, https:\/\/eafc-thuin.be\/wp-content\/uploads\/2026\/09\/avatar-generique-equipe-116x116.png 116w, https:\/\/eafc-thuin.be\/wp-content\/uploads\/2026\/09\/avatar-generique-equipe.png 400w\" sizes=\"(max-width: 300px) 100vw, 300px\" \/>\t\t\t\t\t\t\t\t\t\t\t\t\t\t\t<\/div>\n\t\t\t\t<div class=\"elementor-element elementor-element-cfb1576 elementor-widget elementor-widget-heading\" data-id=\"cfb1576\" data-element_type=\"widget\" data-e-type=\"widget\" data-widget_type=\"heading.default\">\n\t\t\t\t\t<h4 class=\"elementor-heading-title elementor-size-default\">Entretien des locaux<\/h4>\t\t\t\t<\/div>\n\t\t\t\t<div class=\"elementor-element elementor-element-6d10b9d elementor-widget elementor-widget-text-editor\" data-id=\"6d10b9d\" data-element_type=\"widget\" data-e-type=\"widget\" data-widget_type=\"text-editor.default\">\n\t\t\t\t\t\t\t\t\t<p style=\"text-align: center; margin: 0;\">V\u00e9ronique Pasture<\/p>\t\t\t\t\t\t\t\t<\/div>\n\t\t\t\t<\/div>\n\t\t\t\t<\/div>\n\t\t\t\t\t<\/div>\n\t\t\t\t<\/div>\n\t\t\t\t<\/div>\n\t\t","protected":false},"excerpt":{"rendered":"<p>D\u00e9couvrez les membres de notre \u00e9quipe, \u00e0 votre \u00e9coute pour vous accompagner tout au long de votre parcours de formation. Pour toute question, n&rsquo;h\u00e9sitez pas \u00e0 nous contacter via l&rsquo;onglet Contact. Directrice Aude Robert Secr\u00e9tariat Sophie Dupont Secr\u00e9tariat Fabrizio Minichiello Comptabilit\u00e9 Gianni Nattivi Aide \u00e0 la r\u00e9ussite et Inclusion Lucille [&hellip;]<\/p>\n","protected":false},"author":1,"featured_media":0,"parent":488,"menu_order":0,"comment_status":"closed","ping_status":"closed","template":"","meta":{"_themeisle_gutenberg_block_has_review":false,"footnotes":""},"class_list":["post-1295","page","type-page","status-publish","hentry"],"_links":{"self":[{"href":"https:\/\/eafc-thuin.be\/index.php\/wp-json\/wp\/v2\/pages\/1295","targetHints":{"allow":["GET"]}}],"collection":[{"href":"https:\/\/eafc-thuin.be\/index.php\/wp-json\/wp\/v2\/pages"}],"about":[{"href":"https:\/\/eafc-thuin.be\/index.php\/wp-json\/wp\/v2\/types\/page"}],"author":[{"embeddable":true,"href":"https:\/\/eafc-thuin.be\/index.php\/wp-json\/wp\/v2\/users\/1"}],"replies":[{"embeddable":true,"href":"https:\/\/eafc-thuin.be\/index.php\/wp-json\/wp\/v2\/comments?post=1295"}],"version-history":[{"count":9,"href":"https:\/\/eafc-thuin.be\/index.php\/wp-json\/wp\/v2\/pages\/1295\/revisions"}],"predecessor-version":[{"id":1305,"href":"https:\/\/eafc-thuin.be\/index.php\/wp-json\/wp\/v2\/pages\/1295\/revisions\/1305"}],"up":[{"embeddable":true,"href":"https:\/\/eafc-thuin.be\/index.php\/wp-json\/wp\/v2\/pages\/488"}],"wp:attachment":[{"href":"https:\/\/eafc-thuin.be\/index.php\/wp-json\/wp\/v2\/media?parent=1295"}],"curies":[{"name":"wp","href":"https:\/\/api.w.org\/{rel}","templated":true}]}}