{"id":206,"date":"2021-10-14T14:29:08","date_gmt":"2021-10-14T14:29:08","guid":{"rendered":"https:\/\/eafc-thuin.be\/?page_id=206"},"modified":"2022-02-20T14:45:50","modified_gmt":"2022-02-20T14:45:50","slug":"as","status":"publish","type":"page","link":"https:\/\/eafc-thuin.be\/index.php\/as\/","title":{"rendered":"Aide soignant.e"},"content":{"rendered":"<p><strong>Objectifs de la formation<\/strong><br \/>\nCette formation vise \u00e0 permettre \u00e0 l\u2019\u00e9tudiant d\u2019acqu\u00e9rir et de d\u00e9velopper les savoirs, savoir-faire et savoir-\u00eatre en lien avec le m\u00e9tier d\u2019aide-soignant.e.<\/p>\n<p><strong>Horaire<\/strong><\/p>\n<p>Les cours sont dispens\u00e9s <strong>en journ\u00e9e<\/strong> pendant <strong>une ann\u00e9e scolaire<\/strong>\u00a0:<br \/>\n\u00b7\u00a0\u00a0\u00a0\u00a0\u00a0\u00a0\u00a0\u00a0 5 \u00a0jours par semaine,<br \/>\n\u00b7\u00a0\u00a0\u00a0\u00a0\u00a0\u00a0\u00a0\u00a0 de 8h30 \u00e0 16h\u00a0 \u00a0 \u00a0 \u00a0 \u00a0<strong>\u00a0<\/strong><\/p>\n<p><a href=\"https:\/\/eafc-thuin.be\/index.php\/horaire-aide-soignant\/\"><img decoding=\"async\" class=\"alignnone size-full wp-image-269\" src=\"https:\/\/eafc-thuin.be\/wp-content\/uploads\/2022\/01\/Timing_Miniature.png\" alt=\"\" width=\"100\" height=\"100\" \/><\/a><\/p>\n<p><strong>Titre obtenu<\/strong><br \/>\nAttestations de r\u00e9ussite au terme de chaque unit\u00e9 d&rsquo;enseignement.<br \/>\nAu terme de la formation, certificat de qualification d&rsquo;aide-soignant<br \/>\nsp\u00e9cifique \u00e0 l&rsquo;enseignement secondaire sup\u00e9rieur de promotion sociale.<\/p>\n","protected":false},"excerpt":{"rendered":"<p>Objectifs de la formation Cette formation vise \u00e0 permettre \u00e0 l\u2019\u00e9tudiant d\u2019acqu\u00e9rir et de d\u00e9velopper les savoirs, savoir-faire et savoir-\u00eatre en lien avec le m\u00e9tier d\u2019aide-soignant.e. Horaire Les cours sont dispens\u00e9s en journ\u00e9e pendant une ann\u00e9e scolaire\u00a0: \u00b7\u00a0\u00a0\u00a0\u00a0\u00a0\u00a0\u00a0\u00a0 5 \u00a0jours par semaine, \u00b7\u00a0\u00a0\u00a0\u00a0\u00a0\u00a0\u00a0\u00a0 de 8h30 \u00e0 16h\u00a0 \u00a0 \u00a0 \u00a0 [&hellip;]<\/p>\n","protected":false},"author":1,"featured_media":0,"parent":0,"menu_order":0,"comment_status":"closed","ping_status":"closed","template":"","meta":{"_themeisle_gutenberg_block_has_review":false,"footnotes":""},"class_list":["post-206","page","type-page","status-publish","hentry"],"_links":{"self":[{"href":"https:\/\/eafc-thuin.be\/index.php\/wp-json\/wp\/v2\/pages\/206","targetHints":{"allow":["GET"]}}],"collection":[{"href":"https:\/\/eafc-thuin.be\/index.php\/wp-json\/wp\/v2\/pages"}],"about":[{"href":"https:\/\/eafc-thuin.be\/index.php\/wp-json\/wp\/v2\/types\/page"}],"author":[{"embeddable":true,"href":"https:\/\/eafc-thuin.be\/index.php\/wp-json\/wp\/v2\/users\/1"}],"replies":[{"embeddable":true,"href":"https:\/\/eafc-thuin.be\/index.php\/wp-json\/wp\/v2\/comments?post=206"}],"version-history":[{"count":7,"href":"https:\/\/eafc-thuin.be\/index.php\/wp-json\/wp\/v2\/pages\/206\/revisions"}],"predecessor-version":[{"id":364,"href":"https:\/\/eafc-thuin.be\/index.php\/wp-json\/wp\/v2\/pages\/206\/revisions\/364"}],"wp:attachment":[{"href":"https:\/\/eafc-thuin.be\/index.php\/wp-json\/wp\/v2\/media?parent=206"}],"curies":[{"name":"wp","href":"https:\/\/api.w.org\/{rel}","templated":true}]}}